{"id":139,"date":"2025-01-07T09:56:41","date_gmt":"2025-01-07T08:56:41","guid":{"rendered":"https:\/\/www.estudimusical143.com\/qui-som\/"},"modified":"2025-09-16T11:55:03","modified_gmt":"2025-09-16T09:55:03","slug":"quienes-somos","status":"publish","type":"page","link":"https:\/\/www.estudimusical143.com\/es\/quienes-somos\/","title":{"rendered":"\u00bfQui\u00e9nes somos?"},"content":{"rendered":"\n<div class=\"wp-block-group aligncenter is-style-section has-global-padding is-layout-constrained wp-container-core-group-is-layout-92b9201d wp-block-group-is-layout-constrained\"><h1 class=\"has-text-align-left wp-block-post-title\">\u00bfQui\u00e9nes somos?<\/h1>\n\n\n<p class=\"has-text-align-left has-medium-font-size\"><strong>El Estudio Musical 143<\/strong>, lo conforma un equipo de profesores de una s\u00f3lida formaci\u00f3n y con una dilatada experiencia pedag\u00f3gica ejercida durante muchos a\u00f1os en Conservatorios y escuelas de M\u00fasica.<\/p>\n<\/div>\n\n\n\n<div class=\"wp-block-group aligncenter is-style-default is-layout-flow wp-block-group-is-layout-flow\" style=\"padding-bottom:var(--wp--preset--spacing--60)\">\n<h2 class=\"wp-block-heading has-text-align-left is-style-default\" style=\"margin-bottom:var(--wp--preset--spacing--30)\">Profesorado<\/h2>\n\n\n\n<p class=\"has-text-align-left\"><strong>Piano<\/strong>: MA LLU\u00cfSA ALEGRE, CEC\u00cdLIA L\u00d3PEZ, LOURDES PALLEROLS, KEIKO UENO.<\/p>\n\n\n\n<p class=\"has-text-align-left\"><strong>Viol\u00edn<\/strong>: IRENE SERRAHIMA<\/p>\n\n\n\n<p class=\"has-text-align-left\"><strong>Violonchelo<\/strong>: N\u00daRIA COMORERA<\/p>\n\n\n\n<p class=\"has-text-align-left\"><strong>Guitarra ac\u00fastica, <strong>Guitarra el\u00e9ctrica<\/strong> y Ukelele<\/strong>: CARLOS CRUZ<\/p>\n\n\n\n<p class=\"has-text-align-left\"><strong>Clarinete y Saxof\u00f3n<\/strong>: MAR\u00c7AL PERRAMON<\/p>\n\n\n\n<p class=\"has-text-align-left\"><strong>Flauta travesera<\/strong>: DUNA VILANOVA<\/p>\n\n\n\n<p class=\"has-text-align-left\"><strong>Trompeta y Trompa<\/strong>: MANEL BAREA<\/p>\n\n\n\n<p class=\"has-text-align-left\"><strong>M\u00fasica de c\u00e1mara<\/strong>: MA LLU\u00cfSA ALEGRE, CEC\u00cdLIA L\u00d3PEZ, LOURDES PALLEROLS y KEIKO UENO<\/p>\n\n\n\n<p class=\"has-text-align-left\"><strong>Conjunto de viento<\/strong>: MAR\u00c7AL PERRAMON<\/p>\n\n\n\n<p class=\"has-text-align-left\"><strong>Sensibilitzaci\u00f3n e Iniciaci\u00f3n a la m\u00fasica<\/strong>: CEC\u00cdLIA L\u00d3PEZ, KEIKO UENO<\/p>\n\n\n\n<p class=\"has-text-align-left\"><strong>Lenguage musical<\/strong>: MA LLU\u00cfSA ALEGRE, CEC\u00cdLIA L\u00d3PEZ LOURDES PALLEROLS, KEIKO UENO<\/p>\n\n\n\n<p class=\"has-text-align-left\"><strong>Harmon\u00eda<\/strong>: LOURDES PALLEROLS<\/p>\n\n\n\n<p class=\"has-text-align-left\"><strong>Canto<\/strong>: N\u00daRIA LOSADA<\/p>\n\n\n\n<p class=\"has-text-align-left\"><strong>Coral joven<\/strong>: N\u00daRIA LOSADA<\/p>\n\n\n\n<p class=\"has-text-align-left\"><strong>Corarl EM143<\/strong>: MERITXELL PUIG<\/p>\n<\/div>\n","protected":false},"excerpt":{"rendered":"<p>El Estudio Musical 143, lo conforma un equipo de profesores de una s\u00f3lida formaci\u00f3n y con una dilatada experiencia pedag\u00f3gica ejercida durante muchos a\u00f1os en Conservatorios y escuelas de M\u00fasica. Profesorado Piano: MA LLU\u00cfSA ALEGRE, CEC\u00cdLIA L\u00d3PEZ, LOURDES PALLEROLS, KEIKO UENO. Viol\u00edn: IRENE SERRAHIMA Violonchelo: N\u00daRIA COMORERA Guitarra ac\u00fastica, Guitarra el\u00e9ctrica y Ukelele: CARLOS CRUZ [&hellip;]<\/p>\n","protected":false},"author":1,"featured_media":0,"parent":0,"menu_order":20,"comment_status":"closed","ping_status":"closed","template":"","meta":{"_seopress_robots_primary_cat":"","_seopress_titles_title":"","_seopress_titles_desc":"","_seopress_robots_index":"","footnotes":""},"class_list":["post-139","page","type-page","status-publish","hentry"],"_links":{"self":[{"href":"https:\/\/www.estudimusical143.com\/es\/wp-json\/wp\/v2\/pages\/139","targetHints":{"allow":["GET"]}}],"collection":[{"href":"https:\/\/www.estudimusical143.com\/es\/wp-json\/wp\/v2\/pages"}],"about":[{"href":"https:\/\/www.estudimusical143.com\/es\/wp-json\/wp\/v2\/types\/page"}],"author":[{"embeddable":true,"href":"https:\/\/www.estudimusical143.com\/es\/wp-json\/wp\/v2\/users\/1"}],"replies":[{"embeddable":true,"href":"https:\/\/www.estudimusical143.com\/es\/wp-json\/wp\/v2\/comments?post=139"}],"version-history":[{"count":0,"href":"https:\/\/www.estudimusical143.com\/es\/wp-json\/wp\/v2\/pages\/139\/revisions"}],"wp:attachment":[{"href":"https:\/\/www.estudimusical143.com\/es\/wp-json\/wp\/v2\/media?parent=139"}],"curies":[{"name":"wp","href":"https:\/\/api.w.org\/{rel}","templated":true}]}}